{"id":118,"date":"2021-06-16T22:07:15","date_gmt":"2021-06-16T22:07:15","guid":{"rendered":"https:\/\/uartprevenir.ar\/?page_id=118"},"modified":"2025-10-24T17:31:55","modified_gmt":"2025-10-24T17:31:55","slug":"seminarios","status":"publish","type":"page","link":"https:\/\/uartprevenir.ar\/?page_id=118","title":{"rendered":"Seminarios"},"content":{"rendered":"<p>[et_pb_section fb_built=&#8221;1&#8243; disabled_on=&#8221;on|on|off&#8221; _builder_version=&#8221;4.16&#8243; _module_preset=&#8221;default&#8221; background_color=&#8221;#eef0f1&#8243; bottom_divider_height=&#8221;50px&#8221; global_colors_info=&#8221;{}&#8221;][et_pb_row _builder_version=&#8221;4.19.4&#8243; _module_preset=&#8221;default&#8221; width=&#8221;95%&#8221; max_width=&#8221;95%&#8221; global_colors_info=&#8221;{}&#8221;][et_pb_column type=&#8221;4_4&#8243; _builder_version=&#8221;4.16&#8243; _module_preset=&#8221;default&#8221; global_colors_info=&#8221;{}&#8221;][et_pb_image src=&#8221;https:\/\/uartprevenir.ar\/wp-content\/uploads\/2023\/06\/SEMINARIO-BANNER-removebg-preview.png&#8221; title_text=&#8221;SEMINARIO-BANNER-removebg-preview&#8221; _builder_version=&#8221;4.19.4&#8243; _module_preset=&#8221;default&#8221; global_colors_info=&#8221;{}&#8221;][\/et_pb_image][\/et_pb_column][\/et_pb_row][et_pb_row column_structure=&#8221;1_5,1_5,1_5,1_5,1_5&#8243; use_custom_gutter=&#8221;on&#8221; gutter_width=&#8221;1&#8243; make_equal=&#8221;on&#8221; _builder_version=&#8221;4.16&#8243; _module_preset=&#8221;default&#8221; width=&#8221;95%&#8221; max_width=&#8221;95%&#8221; custom_margin=&#8221;-36px|auto||auto||&#8221; custom_padding=&#8221;||0px|||&#8221; global_colors_info=&#8221;{}&#8221;][et_pb_column type=&#8221;1_5&#8243; _builder_version=&#8221;4.16&#8243; _module_preset=&#8221;default&#8221; background_color=&#8221;#FFFFFF&#8221; border_width_all=&#8221;1px&#8221; border_color_all=&#8221;#cccccc&#8221; border_width_bottom=&#8221;0px&#8221; global_colors_info=&#8221;{}&#8221;][et_pb_blurb _builder_version=&#8221;4.19.4&#8243; _module_preset=&#8221;default&#8221; custom_margin=&#8221;||16px|||&#8221; custom_padding=&#8221;26px|15px|26px|15px|true|true&#8221; global_colors_info=&#8221;{}&#8221;]<\/p>\n<h3 style=\"text-align: left;\"><span style=\"color: #00aeee;\"><strong>15 DE MAYO<\/strong><\/span><\/h3>\n<p><em>173\u00b0 Seminario sobre prevenci\u00f3n de riesgos laborales en la actividad agropecuaria.<\/em><\/p>\n<p><span><span style=\"color: #666666;\"><strong>&#8220;Certificaciones BPA: la higiene y seguridad como pilar fundamental&#8221;<\/strong><\/span><br \/><\/span><span>Ing. P.A. Pablo Semberoiz<\/span><\/p>\n<p>[\/et_pb_blurb][\/et_pb_column][et_pb_column type=&#8221;1_5&#8243; _builder_version=&#8221;4.16&#8243; _module_preset=&#8221;default&#8221; background_color=&#8221;#FFFFFF&#8221; border_width_all=&#8221;1px&#8221; border_color_all=&#8221;#cccccc&#8221; border_width_bottom=&#8221;0px&#8221; global_colors_info=&#8221;{}&#8221;][et_pb_blurb _builder_version=&#8221;4.19.4&#8243; _module_preset=&#8221;default&#8221; min_height=&#8221;237.8px&#8221; custom_margin=&#8221;||16px|||&#8221; custom_padding=&#8221;28px|15px|7px|15px|false|true&#8221; global_colors_info=&#8221;{}&#8221;]<\/p>\n<h3 style=\"text-align: left;\"><span style=\"color: #00aeee;\"><strong>29 DE MAYO<\/strong><\/span><\/h3>\n<p><em>174\u00b0 Seminario sobre prevenci\u00f3n de riesgos laborales en la actividad agropecuaria.<\/em><\/p>\n<p style=\"text-align: left;\"><span style=\"color: #666666;\"><strong>&#8220;Ganader\u00eda: c\u00f3mo mejorar la seguridad y salud en el trabajo agrario&#8221;<\/strong>\u00a0 <\/span><br \/><span>Ing. P.A. Fernando Perez Eseiza<\/span><\/p>\n<p>[\/et_pb_blurb][\/et_pb_column][et_pb_column type=&#8221;1_5&#8243; _builder_version=&#8221;4.16&#8243; _module_preset=&#8221;default&#8221; background_color=&#8221;#FFFFFF&#8221; border_width_all=&#8221;1px&#8221; border_color_all=&#8221;#cccccc&#8221; border_width_bottom=&#8221;0px&#8221; global_colors_info=&#8221;{}&#8221;][et_pb_blurb _builder_version=&#8221;4.19.4&#8243; _module_preset=&#8221;default&#8221; custom_margin=&#8221;||16px|||&#8221; custom_padding=&#8221;30px|15px|16px|15px|false|true&#8221; global_colors_info=&#8221;{}&#8221;]<\/p>\n<h3 style=\"text-align: left;\"><span style=\"color: #00aeee;\"><strong>12 DE JUNIO<\/strong><\/span><\/h3>\n<p><em>238\u00b0 Seminario sobre prevenci\u00f3n de riesgos laborales.<\/em><\/p>\n<p style=\"text-align: left;\"><span style=\"color: #666666;\"><strong>&#8220;Actualizaci\u00f3n en prevenci\u00f3n de incendios: Caso Bater\u00edas de ION Litio&#8221;<\/strong>\u00a0 <\/span><br \/>Lic. Daniel Cecotti<br \/>Lic. Faustino Costa<br \/>Ing. Pablo Mondarto<\/p>\n<p>[\/et_pb_blurb][\/et_pb_column][et_pb_column type=&#8221;1_5&#8243; _builder_version=&#8221;4.16&#8243; _module_preset=&#8221;default&#8221; background_color=&#8221;#FFFFFF&#8221; border_width_all=&#8221;1px&#8221; border_color_all=&#8221;#cccccc&#8221; border_width_bottom=&#8221;0px&#8221; global_colors_info=&#8221;{}&#8221;][et_pb_blurb _builder_version=&#8221;4.19.4&#8243; _module_preset=&#8221;default&#8221; custom_margin=&#8221;||16px|||&#8221; custom_padding=&#8221;28px|15px|24px|15px|false|true&#8221; global_colors_info=&#8221;{}&#8221;]<\/p>\n<h3 style=\"text-align: left;\"><span style=\"color: #00aeee;\"><strong>26 DE JUNIO<\/strong><\/span><\/h3>\n<p><em>175\u00b0 Seminario sobre prevenci\u00f3n de riesgos laborales en la actividad agropecuaria <\/em><\/p>\n<p><strong>&#8220;Inteligencia Artificial: la \u00e9tica en la prevenci\u00f3n de riesgos laborales&#8221;<br \/><\/strong><span>Lic. Martin Mendez<\/span><\/p>\n<p>[\/et_pb_blurb][\/et_pb_column][et_pb_column type=&#8221;1_5&#8243; _builder_version=&#8221;4.16&#8243; _module_preset=&#8221;default&#8221; background_color=&#8221;#FFFFFF&#8221; border_width_all=&#8221;1px&#8221; border_color_all=&#8221;#cccccc&#8221; border_width_bottom=&#8221;0px&#8221; global_colors_info=&#8221;{}&#8221;][et_pb_blurb _builder_version=&#8221;4.19.4&#8243; _module_preset=&#8221;default&#8221; min_height=&#8221;210.4px&#8221; custom_margin=&#8221;||16px|||&#8221; custom_padding=&#8221;28px|15px|16px|15px|false|true&#8221; global_colors_info=&#8221;{}&#8221;]<\/p>\n<h3 style=\"text-align: left;\"><span style=\"color: #00aeee;\"><strong>07 DE AGOSTO<\/strong><\/span><\/h3>\n<p><em>176\u00b0 Seminario sobre prevenci\u00f3n de riesgos laborales en la actividad agropecuaria.<\/em><\/p>\n<p><strong>&#8220;Ergonom\u00eda aplicada a econom\u00edas regionales: cosecha y poda de frutales&#8221;<\/strong><br \/>Lic. Karina Balsamo<\/p>\n<p>[\/et_pb_blurb][\/et_pb_column][\/et_pb_row][et_pb_row column_structure=&#8221;1_5,1_5,1_5,1_5,1_5&#8243; use_custom_gutter=&#8221;on&#8221; gutter_width=&#8221;1&#8243; make_equal=&#8221;on&#8221; _builder_version=&#8221;4.19.4&#8243; _module_preset=&#8221;default&#8221; width=&#8221;95%&#8221; max_width=&#8221;95%&#8221; custom_padding=&#8221;0px|||||&#8221; global_colors_info=&#8221;{}&#8221;][et_pb_column type=&#8221;1_5&#8243; _builder_version=&#8221;4.16&#8243; _module_preset=&#8221;default&#8221; background_color=&#8221;#FFFFFF&#8221; border_width_all=&#8221;1px&#8221; border_color_all=&#8221;#cccccc&#8221; border_width_top=&#8221;0px&#8221; global_colors_info=&#8221;{}&#8221;][et_pb_button button_url=&#8221;https:\/\/uartprevenir.ar\/wp-content\/uploads\/2025\/05\/Prevenir-2025-173\u00b0-Seminario-.pdf&#8221; url_new_window=&#8221;on&#8221; button_text=&#8221;DESCARGAR MATERIAL&#8221; button_alignment=&#8221;center&#8221; _builder_version=&#8221;4.19.4&#8243; _module_preset=&#8221;default&#8221; custom_button=&#8221;on&#8221; button_text_size=&#8221;16px&#8221; button_text_color=&#8221;#FFFFFF&#8221; button_bg_color=&#8221;#00aeee&#8221; button_border_width=&#8221;-2px&#8221; button_letter_spacing=&#8221;-1px&#8221; button_icon=&#8221;&#x35;||divi||400&#8243; custom_margin=&#8221;||30px||false|false&#8221; custom_padding=&#8221;||||false|false&#8221; global_colors_info=&#8221;{}&#8221;][\/et_pb_button][\/et_pb_column][et_pb_column type=&#8221;1_5&#8243; _builder_version=&#8221;4.16&#8243; _module_preset=&#8221;default&#8221; background_color=&#8221;#FFFFFF&#8221; border_width_all=&#8221;1px&#8221; border_color_all=&#8221;#cccccc&#8221; border_width_top=&#8221;0px&#8221; global_colors_info=&#8221;{}&#8221;][et_pb_button button_url=&#8221;https:\/\/uartprevenir.ar\/wp-content\/uploads\/2025\/05\/Prevenir-2025-174\u00b0-Seminario.pdf&#8221; url_new_window=&#8221;on&#8221; button_text=&#8221;DESCARGAR MATERIAL&#8221; button_alignment=&#8221;center&#8221; _builder_version=&#8221;4.19.4&#8243; _module_preset=&#8221;default&#8221; custom_button=&#8221;on&#8221; button_text_size=&#8221;16px&#8221; button_text_color=&#8221;#FFFFFF&#8221; button_bg_color=&#8221;#00aeee&#8221; button_border_width=&#8221;-2px&#8221; button_letter_spacing=&#8221;-1px&#8221; button_icon=&#8221;&#x35;||divi||400&#8243; custom_margin=&#8221;||30px||false|false&#8221; custom_padding=&#8221;||||false|false&#8221; global_colors_info=&#8221;{}&#8221;][\/et_pb_button][\/et_pb_column][et_pb_column type=&#8221;1_5&#8243; _builder_version=&#8221;4.16&#8243; _module_preset=&#8221;default&#8221; background_color=&#8221;#FFFFFF&#8221; border_width_all=&#8221;1px&#8221; border_color_all=&#8221;#cccccc&#8221; border_width_top=&#8221;0px&#8221; global_colors_info=&#8221;{}&#8221;][et_pb_button button_url=&#8221;https:\/\/uartprevenir.ar\/wp-content\/uploads\/2025\/06\/Prevenir-2025-238\u00b0-Seminario.pdf&#8221; url_new_window=&#8221;on&#8221; button_text=&#8221;DESCARGAR MATERIAL&#8221; button_alignment=&#8221;center&#8221; _builder_version=&#8221;4.19.4&#8243; _module_preset=&#8221;default&#8221; custom_button=&#8221;on&#8221; button_text_size=&#8221;16px&#8221; button_text_color=&#8221;#FFFFFF&#8221; button_bg_color=&#8221;#00aeee&#8221; button_border_width=&#8221;-2px&#8221; button_letter_spacing=&#8221;-1px&#8221; button_icon=&#8221;&#x35;||divi||400&#8243; custom_margin=&#8221;||30px||false|false&#8221; custom_padding=&#8221;||||false|false&#8221; global_colors_info=&#8221;{}&#8221;][\/et_pb_button][\/et_pb_column][et_pb_column type=&#8221;1_5&#8243; _builder_version=&#8221;4.16&#8243; _module_preset=&#8221;default&#8221; background_color=&#8221;#FFFFFF&#8221; border_width_all=&#8221;1px&#8221; border_color_all=&#8221;#cccccc&#8221; border_width_top=&#8221;0px&#8221; global_colors_info=&#8221;{}&#8221;][et_pb_button button_url=&#8221;https:\/\/uartprevenir.ar\/wp-content\/uploads\/2025\/06\/Prevenir-2025-175\u00b0-Seminario.pdf&#8221; url_new_window=&#8221;on&#8221; button_text=&#8221;DESCARGAR MATERIAL&#8221; button_alignment=&#8221;center&#8221; _builder_version=&#8221;4.19.4&#8243; _module_preset=&#8221;default&#8221; custom_button=&#8221;on&#8221; button_text_size=&#8221;16px&#8221; button_text_color=&#8221;#FFFFFF&#8221; button_bg_color=&#8221;#00aeee&#8221; button_border_width=&#8221;-2px&#8221; button_letter_spacing=&#8221;-1px&#8221; button_icon=&#8221;&#x35;||divi||400&#8243; custom_margin=&#8221;||30px||false|false&#8221; custom_padding=&#8221;||||false|false&#8221; global_colors_info=&#8221;{}&#8221;][\/et_pb_button][\/et_pb_column][et_pb_column type=&#8221;1_5&#8243; _builder_version=&#8221;4.16&#8243; _module_preset=&#8221;default&#8221; background_color=&#8221;#FFFFFF&#8221; border_width_all=&#8221;1px&#8221; border_color_all=&#8221;#cccccc&#8221; border_width_top=&#8221;0px&#8221; global_colors_info=&#8221;{}&#8221;][et_pb_button button_url=&#8221;https:\/\/uartprevenir.ar\/wp-content\/uploads\/2025\/08\/Prevenir-2025-176-Seminario.pdf&#8221; url_new_window=&#8221;on&#8221; button_text=&#8221;DESCARGAR MATERIAL&#8221; button_alignment=&#8221;center&#8221; _builder_version=&#8221;4.19.4&#8243; _module_preset=&#8221;default&#8221; custom_button=&#8221;on&#8221; button_text_size=&#8221;16px&#8221; button_text_color=&#8221;#FFFFFF&#8221; button_bg_color=&#8221;#00aeee&#8221; button_border_width=&#8221;-2px&#8221; button_letter_spacing=&#8221;-1px&#8221; button_icon=&#8221;&#x35;||divi||400&#8243; custom_margin=&#8221;||30px||false|false&#8221; custom_padding=&#8221;||||false|false&#8221; global_colors_info=&#8221;{}&#8221;][\/et_pb_button][\/et_pb_column][\/et_pb_row][et_pb_row column_structure=&#8221;1_5,1_5,1_5,1_5,1_5&#8243; use_custom_gutter=&#8221;on&#8221; gutter_width=&#8221;1&#8243; make_equal=&#8221;on&#8221; _builder_version=&#8221;4.16&#8243; _module_preset=&#8221;default&#8221; width=&#8221;95%&#8221; max_width=&#8221;95%&#8221; custom_padding=&#8221;||0px|||&#8221; global_colors_info=&#8221;{}&#8221;][et_pb_column type=&#8221;1_5&#8243; _builder_version=&#8221;4.16&#8243; _module_preset=&#8221;default&#8221; background_color=&#8221;#FFFFFF&#8221; border_width_all=&#8221;1px&#8221; border_color_all=&#8221;#cccccc&#8221; border_width_bottom=&#8221;0px&#8221; global_colors_info=&#8221;{}&#8221;][et_pb_blurb _builder_version=&#8221;4.19.4&#8243; _module_preset=&#8221;default&#8221; custom_margin=&#8221;||16px|||&#8221; custom_padding=&#8221;28px|15px|28px|15px|false|true&#8221; global_colors_info=&#8221;{}&#8221;]<\/p>\n<h3 style=\"text-align: left;\"><span style=\"color: #00aeee;\"><strong>21 DE AGOSTO<\/strong><\/span><\/h3>\n<p><em>241\u00b0 Seminario sobre prevenci\u00f3n de riesgos laborales.<\/em><\/p>\n<p><strong>&#8220;Iluminaci\u00f3n: c\u00f3mo medir el espectro que afecta a la prevenci\u00f3n&#8221;<\/strong><br \/>Lic. Pablo Fuentes<\/p>\n<p>[\/et_pb_blurb][\/et_pb_column][et_pb_column type=&#8221;1_5&#8243; _builder_version=&#8221;4.16&#8243; _module_preset=&#8221;default&#8221; background_color=&#8221;#FFFFFF&#8221; border_width_all=&#8221;1px&#8221; border_color_all=&#8221;#cccccc&#8221; border_width_bottom=&#8221;0px&#8221; global_colors_info=&#8221;{}&#8221;][et_pb_blurb _builder_version=&#8221;4.19.4&#8243; _module_preset=&#8221;default&#8221; custom_margin=&#8221;||22px|||&#8221; custom_padding=&#8221;21px|14px|21px|14px|true|true&#8221; global_colors_info=&#8221;{}&#8221;]<\/p>\n<h3 style=\"text-align: left;\"><span style=\"color: #00aeee;\"><strong>04 DE SEPTIEMBRE<\/strong><\/span><\/h3>\n<p><em>177\u00b0 Seminario sobre prevenci\u00f3n de riesgos laborales en la actividad agropecuaria.<\/em><\/p>\n<p><strong>&#8220;EPP: para el trabajo seguro en el agro&#8221;<\/strong><br \/>Lic. Cesar Berbel<br \/>Lic. Gustavo Ponce<br \/>Lic. Evangelina Najar<\/p>\n<p>&nbsp;<\/p>\n<p>[\/et_pb_blurb][\/et_pb_column][et_pb_column type=&#8221;1_5&#8243; _builder_version=&#8221;4.16&#8243; _module_preset=&#8221;default&#8221; background_color=&#8221;#FFFFFF&#8221; border_width_all=&#8221;1px&#8221; border_color_all=&#8221;#cccccc&#8221; border_width_bottom=&#8221;0px&#8221; global_colors_info=&#8221;{}&#8221;][et_pb_blurb use_icon=&#8221;on&#8221; _builder_version=&#8221;4.19.4&#8243; _module_preset=&#8221;default&#8221; custom_margin=&#8221;||16px|||&#8221; custom_padding=&#8221;24px|15px|0px|15px|false|true&#8221; global_colors_info=&#8221;{}&#8221;]<\/p>\n<h3 style=\"text-align: left;\"><span style=\"color: #00aeee;\"><strong>18 DE SEPTIEMBRE<\/strong><\/span><\/h3>\n<p><em>178\u00b0 Seminario sobre prevenci\u00f3n de riesgos laborales en la actividad agropecuaria.<\/em><\/p>\n<p><strong>&#8220;Seguridad y salud en la actividad vitivinicola&#8221;<\/strong><br \/>Ing. Nadia Lingua<\/p>\n<p>[\/et_pb_blurb][\/et_pb_column][et_pb_column type=&#8221;1_5&#8243; _builder_version=&#8221;4.16&#8243; _module_preset=&#8221;default&#8221; background_color=&#8221;#FFFFFF&#8221; border_width_all=&#8221;1px&#8221; border_color_all=&#8221;#cccccc&#8221; border_width_bottom=&#8221;0px&#8221; global_colors_info=&#8221;{}&#8221;][et_pb_blurb _builder_version=&#8221;4.19.4&#8243; _module_preset=&#8221;default&#8221; custom_margin=&#8221;||16px|||&#8221; custom_padding=&#8221;24px|15px|24px|15px|false|true&#8221; global_colors_info=&#8221;{}&#8221;]<\/p>\n<h3 style=\"text-align: left;\"><span style=\"color: #00aeee;\"><strong>09 DE OCTUBRE<\/strong><\/span><\/h3>\n<p><em>244\u00b0 Seminario sobre prevenci\u00f3n de riesgos laborales.<\/em><\/p>\n<p><strong>&#8220;Prevenci\u00f3n 4.0: la IA al servicio de la Higiene y Seguridad&#8221;<\/strong><br \/><span>Lic. Mauro Riavec<br \/>Lic. Daniel Cecotti<\/span><br \/><span>Lic. Faustino Costa<\/span><\/p>\n<p>&nbsp;<\/p>\n<p>[\/et_pb_blurb][\/et_pb_column][et_pb_column type=&#8221;1_5&#8243; _builder_version=&#8221;4.16&#8243; _module_preset=&#8221;default&#8221; background_color=&#8221;#FFFFFF&#8221; border_width_all=&#8221;1px&#8221; border_color_all=&#8221;#cccccc&#8221; border_width_bottom=&#8221;0px&#8221; global_colors_info=&#8221;{}&#8221;][et_pb_blurb _builder_version=&#8221;4.19.4&#8243; _module_preset=&#8221;default&#8221; custom_margin=&#8221;||16px|||&#8221; custom_padding=&#8221;29px|15px|11px|15px|false|true&#8221; global_colors_info=&#8221;{}&#8221;]<\/p>\n<h3 style=\"text-align: left;\"><span style=\"color: #00aeee;\"><strong>23 DE OCTUBRE<\/strong><\/span><\/h3>\n<p><em>245\u00b0 Seminario sobre prevenci\u00f3n de riesgos laborales.<\/em><\/p>\n<p><strong>&#8220;Casos de \u00e9xitos en la innovaci\u00f3n en prevenci\u00f3n&#8221;<\/strong><br \/>Lic. Andr\u00e9s Jarulakis<br \/>Lic. Mat\u00edas Kuchen<br \/>Ing. Pablo Re<\/p>\n<p>[\/et_pb_blurb][\/et_pb_column][\/et_pb_row][et_pb_row column_structure=&#8221;1_5,1_5,1_5,1_5,1_5&#8243; use_custom_gutter=&#8221;on&#8221; gutter_width=&#8221;1&#8243; make_equal=&#8221;on&#8221; _builder_version=&#8221;4.16&#8243; _module_preset=&#8221;default&#8221; width=&#8221;95%&#8221; max_width=&#8221;95%&#8221; custom_padding=&#8221;0px|||||&#8221; global_colors_info=&#8221;{}&#8221;][et_pb_column type=&#8221;1_5&#8243; _builder_version=&#8221;4.16&#8243; _module_preset=&#8221;default&#8221; background_color=&#8221;#FFFFFF&#8221; border_width_all=&#8221;1px&#8221; border_color_all=&#8221;#cccccc&#8221; border_width_top=&#8221;0px&#8221; global_colors_info=&#8221;{}&#8221;][et_pb_button button_url=&#8221;https:\/\/uartprevenir.ar\/wp-content\/uploads\/2025\/08\/Prevenir-2025-241-Seminario.pdf&#8221; url_new_window=&#8221;on&#8221; button_text=&#8221;DESCARGAR MATERIAL&#8221; button_alignment=&#8221;center&#8221; _builder_version=&#8221;4.19.4&#8243; _module_preset=&#8221;default&#8221; custom_button=&#8221;on&#8221; button_text_size=&#8221;16px&#8221; button_text_color=&#8221;#FFFFFF&#8221; button_bg_color=&#8221;#00aeee&#8221; button_border_width=&#8221;-2px&#8221; button_letter_spacing=&#8221;-1px&#8221; button_icon=&#8221;&#x35;||divi||400&#8243; custom_margin=&#8221;||30px||false|false&#8221; custom_padding=&#8221;||||false|false&#8221; global_colors_info=&#8221;{}&#8221;][\/et_pb_button][\/et_pb_column][et_pb_column type=&#8221;1_5&#8243; _builder_version=&#8221;4.16&#8243; _module_preset=&#8221;default&#8221; background_color=&#8221;#FFFFFF&#8221; border_width_all=&#8221;1px&#8221; border_color_all=&#8221;#cccccc&#8221; border_width_top=&#8221;0px&#8221; global_colors_info=&#8221;{}&#8221;][et_pb_button button_url=&#8221;https:\/\/uartprevenir.ar\/wp-content\/uploads\/2025\/09\/PREVENIR-2025-177-SEMINARIO.pdf&#8221; url_new_window=&#8221;on&#8221; button_text=&#8221;DESCARGAR MATERIAL&#8221; button_alignment=&#8221;center&#8221; _builder_version=&#8221;4.19.4&#8243; _module_preset=&#8221;default&#8221; custom_button=&#8221;on&#8221; button_text_size=&#8221;16px&#8221; button_text_color=&#8221;#FFFFFF&#8221; button_bg_color=&#8221;#00aeee&#8221; button_border_width=&#8221;-2px&#8221; button_letter_spacing=&#8221;-1px&#8221; button_icon=&#8221;&#x35;||divi||400&#8243; custom_margin=&#8221;||30px||false|false&#8221; custom_padding=&#8221;||||false|false&#8221; global_colors_info=&#8221;{}&#8221;][\/et_pb_button][\/et_pb_column][et_pb_column type=&#8221;1_5&#8243; _builder_version=&#8221;4.16&#8243; _module_preset=&#8221;default&#8221; background_color=&#8221;#FFFFFF&#8221; border_width_all=&#8221;1px&#8221; border_color_all=&#8221;#cccccc&#8221; border_width_top=&#8221;0px&#8221; global_colors_info=&#8221;{}&#8221;][et_pb_button button_url=&#8221;https:\/\/uartprevenir.ar\/wp-content\/uploads\/2025\/09\/PREVENIR-2025-PLANTILLA-SEMINARIO-18-09.pdf&#8221; url_new_window=&#8221;on&#8221; button_text=&#8221;DESCARGAR MATERIAL&#8221; button_alignment=&#8221;center&#8221; _builder_version=&#8221;4.19.4&#8243; _module_preset=&#8221;default&#8221; custom_button=&#8221;on&#8221; button_text_size=&#8221;16px&#8221; button_text_color=&#8221;#FFFFFF&#8221; button_bg_color=&#8221;#00aeee&#8221; button_border_width=&#8221;-2px&#8221; button_letter_spacing=&#8221;-1px&#8221; button_icon=&#8221;&#x35;||divi||400&#8243; custom_margin=&#8221;||30px||false|false&#8221; custom_padding=&#8221;||||false|false&#8221; global_colors_info=&#8221;{}&#8221;][\/et_pb_button][\/et_pb_column][et_pb_column type=&#8221;1_5&#8243; _builder_version=&#8221;4.16&#8243; _module_preset=&#8221;default&#8221; background_color=&#8221;#FFFFFF&#8221; border_width_all=&#8221;1px&#8221; border_color_all=&#8221;#cccccc&#8221; border_width_top=&#8221;0px&#8221; global_colors_info=&#8221;{}&#8221;][et_pb_button button_url=&#8221;https:\/\/uartprevenir.ar\/wp-content\/uploads\/2025\/10\/Prevencion-4.0_-IA-y-Seguridad-Laboral.pdf&#8221; url_new_window=&#8221;on&#8221; button_text=&#8221;DESCARGAR MATERIAL&#8221; button_alignment=&#8221;center&#8221; _builder_version=&#8221;4.19.4&#8243; _module_preset=&#8221;default&#8221; custom_button=&#8221;on&#8221; button_text_size=&#8221;16px&#8221; button_text_color=&#8221;#FFFFFF&#8221; button_bg_color=&#8221;#00aeee&#8221; button_border_width=&#8221;-2px&#8221; button_letter_spacing=&#8221;-1px&#8221; button_icon=&#8221;&#x35;||divi||400&#8243; custom_margin=&#8221;||30px||false|false&#8221; custom_padding=&#8221;||||false|false&#8221; global_colors_info=&#8221;{}&#8221;][\/et_pb_button][\/et_pb_column][et_pb_column type=&#8221;1_5&#8243; _builder_version=&#8221;4.16&#8243; _module_preset=&#8221;default&#8221; background_color=&#8221;#FFFFFF&#8221; border_width_all=&#8221;1px&#8221; border_color_all=&#8221;#cccccc&#8221; border_width_top=&#8221;0px&#8221; global_colors_info=&#8221;{}&#8221;][et_pb_button url_new_window=&#8221;on&#8221; button_text=&#8221;DESCARGAR MATERIAL&#8221; button_alignment=&#8221;center&#8221; _builder_version=&#8221;4.19.4&#8243; _module_preset=&#8221;default&#8221; custom_button=&#8221;on&#8221; button_text_size=&#8221;16px&#8221; button_text_color=&#8221;#FFFFFF&#8221; button_bg_color=&#8221;#00aeee&#8221; button_border_width=&#8221;-2px&#8221; button_letter_spacing=&#8221;-1px&#8221; button_icon=&#8221;&#x35;||divi||400&#8243; custom_margin=&#8221;||30px||false|false&#8221; custom_padding=&#8221;||||false|false&#8221; hover_enabled=&#8221;0&#8243; global_colors_info=&#8221;{}&#8221; button_url=&#8221;https:\/\/uartprevenir.ar\/wp-content\/uploads\/2025\/10\/Seminario-UART-23-10-Casos-de-innovacion-en-prevencion.pdf&#8221; sticky_enabled=&#8221;0&#8243;][\/et_pb_button][\/et_pb_column][\/et_pb_row][\/et_pb_section][et_pb_section fb_built=&#8221;1&#8243; disabled_on=&#8221;off|off|on&#8221; _builder_version=&#8221;4.16&#8243; _module_preset=&#8221;default&#8221; background_color=&#8221;#eef0f1&#8243; bottom_divider_height=&#8221;50px&#8221; global_colors_info=&#8221;{}&#8221;][et_pb_row _builder_version=&#8221;4.19.4&#8243; _module_preset=&#8221;default&#8221; width=&#8221;95%&#8221; max_width=&#8221;95%&#8221; global_colors_info=&#8221;{}&#8221;][et_pb_column type=&#8221;4_4&#8243; _builder_version=&#8221;4.16&#8243; _module_preset=&#8221;default&#8221; global_colors_info=&#8221;{}&#8221;][et_pb_image src=&#8221;https:\/\/uartprevenir.ar\/wp-content\/uploads\/2023\/06\/SEMINARIO-BANNER-removebg-preview.png&#8221; title_text=&#8221;SEMINARIO-BANNER-removebg-preview&#8221; _builder_version=&#8221;4.19.4&#8243; _module_preset=&#8221;default&#8221; global_colors_info=&#8221;{}&#8221;][\/et_pb_image][\/et_pb_column][\/et_pb_row][et_pb_row column_structure=&#8221;1_5,1_5,1_5,1_5,1_5&#8243; use_custom_gutter=&#8221;on&#8221; gutter_width=&#8221;1&#8243; make_equal=&#8221;on&#8221; _builder_version=&#8221;4.19.4&#8243; _module_preset=&#8221;default&#8221; width=&#8221;95%&#8221; max_width=&#8221;95%&#8221; global_colors_info=&#8221;{}&#8221;][et_pb_column type=&#8221;1_5&#8243; _builder_version=&#8221;4.16&#8243; _module_preset=&#8221;default&#8221; background_color=&#8221;#FFFFFF&#8221; border_width_all=&#8221;1px&#8221; border_color_all=&#8221;#cccccc&#8221; global_colors_info=&#8221;{}&#8221;][et_pb_blurb _builder_version=&#8221;4.19.4&#8243; _module_preset=&#8221;default&#8221; custom_margin=&#8221;||16px|||&#8221; custom_padding=&#8221;28px|15px|75px|15px|false|true&#8221; global_colors_info=&#8221;{}&#8221;]<\/p>\n<h3 style=\"text-align: left;\"><span style=\"color: #00aeee;\"><strong>15 DE MAYO<\/strong><\/span><\/h3>\n<p><em>173\u00b0 Seminario sobre prevenci\u00f3n de riesgos laborales en la actividad agropecuaria.<\/em><\/p>\n<p><span><strong>\u201cCertificaciones BPA: la higiene y seguridad como pilar fundamental\u201d<\/strong><br \/><\/span><span>Ing. Agr. Pablo Semberoiz<\/span><\/p>\n<p>&nbsp;<\/p>\n<p>[\/et_pb_blurb][et_pb_button button_url=&#8221;https:\/\/uartprevenir.ar\/wp-content\/uploads\/2025\/05\/Prevenir-2025-173%C2%B0-Seminario-.pdf&#8221; url_new_window=&#8221;on&#8221; button_text=&#8221;DESCARGA MATERIAL&#8221; button_alignment=&#8221;center&#8221; _builder_version=&#8221;4.19.4&#8243; _module_preset=&#8221;default&#8221; custom_button=&#8221;on&#8221; button_text_size=&#8221;16px&#8221; button_text_color=&#8221;#FFFFFF&#8221; button_bg_color=&#8221;#00aeee&#8221; button_border_width=&#8221;-2px&#8221; button_letter_spacing=&#8221;-1px&#8221; button_icon=&#8221;&#x35;||divi||400&#8243; custom_margin=&#8221;||30px||false|false&#8221; custom_padding=&#8221;||||false|false&#8221; global_colors_info=&#8221;{}&#8221;][\/et_pb_button][\/et_pb_column][et_pb_column type=&#8221;1_5&#8243; _builder_version=&#8221;4.16&#8243; _module_preset=&#8221;default&#8221; background_color=&#8221;#FFFFFF&#8221; border_width_all=&#8221;1px&#8221; border_color_all=&#8221;#cccccc&#8221; global_colors_info=&#8221;{}&#8221;][et_pb_blurb _builder_version=&#8221;4.19.4&#8243; _module_preset=&#8221;default&#8221; min_height=&#8221;321px&#8221; custom_margin=&#8221;||22px|||&#8221; custom_padding=&#8221;21px|7px|21px|7px|true|true&#8221; global_colors_info=&#8221;{}&#8221;]<\/p>\n<h3 style=\"text-align: left;\"><span style=\"color: #00aeee;\"><strong>29 DE MAYO<\/strong><\/span><\/h3>\n<p><em>174\u00b0 Seminario sobre prevenci\u00f3n de riesgos laborales en la actividad agropecuaria.<\/em><\/p>\n<p><span><strong>\u201cGanader\u00eda: c\u00f3mo mejorar la seguridad y salud en el trabajo agrario\u201d<\/strong>\u00a0<\/span><br \/><span>Ing. Agr. Fernando Perez Eseiza<\/span><\/p>\n<p>&nbsp;<\/p>\n<p>&nbsp;<\/p>\n<p>&nbsp;<\/p>\n<p>[\/et_pb_blurb][et_pb_button url_new_window=&#8221;on&#8221; button_text=&#8221;DESCARGAR MATERIAL&#8221; button_alignment=&#8221;center&#8221; _builder_version=&#8221;4.19.4&#8243; _module_preset=&#8221;default&#8221; custom_button=&#8221;on&#8221; button_text_size=&#8221;16px&#8221; button_text_color=&#8221;#FFFFFF&#8221; button_bg_color=&#8221;#00aeee&#8221; button_border_width=&#8221;-2px&#8221; button_letter_spacing=&#8221;-1px&#8221; button_icon=&#8221;&#x35;||divi||400&#8243; custom_margin=&#8221;||30px||false|false&#8221; custom_padding=&#8221;||||false|false&#8221; global_colors_info=&#8221;{}&#8221;][\/et_pb_button][\/et_pb_column][et_pb_column type=&#8221;1_5&#8243; _builder_version=&#8221;4.16&#8243; _module_preset=&#8221;default&#8221; background_color=&#8221;#FFFFFF&#8221; border_width_all=&#8221;1px&#8221; border_color_all=&#8221;#cccccc&#8221; global_colors_info=&#8221;{}&#8221;][et_pb_blurb use_icon=&#8221;on&#8221; _builder_version=&#8221;4.19.4&#8243; _module_preset=&#8221;default&#8221; custom_margin=&#8221;||16px|||&#8221; custom_padding=&#8221;24px|15px|0px|15px|false|true&#8221; global_colors_info=&#8221;{}&#8221;]<\/p>\n<h3 style=\"text-align: left;\"><span style=\"color: #00aeee;\"><strong>12 DE JUNIO<\/strong><\/span><\/h3>\n<p><em>238\u00b0 Seminario sobre prevenci\u00f3n de riesgos laborales.<\/em><\/p>\n<p><span><strong>\u201cPrevenci\u00f3n de incendios: Caso Bater\u00edas de ION Litio\u201d<\/strong>\u00a0<\/span><br \/>Lic. Daniel Cecotti<br \/>Lic. Faustino Costa<br \/>Ing. Pablo Mondarto<\/p>\n<p>&nbsp;<\/p>\n<p>&nbsp;<\/p>\n<p>&nbsp;<\/p>\n<p>[\/et_pb_blurb][et_pb_button button_url=&#8221;https:\/\/uartprevenir.ar\/wp-content\/uploads\/2025\/05\/Prevenir-2025-174%C2%B0-Seminario.pdf&#8221; url_new_window=&#8221;on&#8221; button_text=&#8221;DESCARGAR MATERIAL&#8221; button_alignment=&#8221;center&#8221; _builder_version=&#8221;4.19.4&#8243; _module_preset=&#8221;default&#8221; custom_button=&#8221;on&#8221; button_text_size=&#8221;16px&#8221; button_text_color=&#8221;#FFFFFF&#8221; button_bg_color=&#8221;#00aeee&#8221; button_border_width=&#8221;-2px&#8221; button_letter_spacing=&#8221;-1px&#8221; button_icon=&#8221;&#x35;||divi||400&#8243; custom_margin=&#8221;||30px||false|false&#8221; custom_padding=&#8221;||||false|false&#8221; global_colors_info=&#8221;{}&#8221;][\/et_pb_button][\/et_pb_column][et_pb_column type=&#8221;1_5&#8243; _builder_version=&#8221;4.16&#8243; _module_preset=&#8221;default&#8221; background_color=&#8221;#FFFFFF&#8221; border_width_all=&#8221;1px&#8221; border_color_all=&#8221;#cccccc&#8221; global_colors_info=&#8221;{}&#8221;][et_pb_blurb use_icon=&#8221;on&#8221; _builder_version=&#8221;4.19.4&#8243; _module_preset=&#8221;default&#8221; min_height=&#8221;251.2px&#8221; custom_margin=&#8221;||16px|||&#8221; custom_padding=&#8221;24px|15px|0px|15px|false|true&#8221; global_colors_info=&#8221;{}&#8221;]<\/p>\n<h3 style=\"text-align: left;\"><span style=\"color: #00aeee;\"><strong>26 DE JUNIO<\/strong><\/span><\/h3>\n<p><em>175\u00b0 Seminario sobre prevenci\u00f3n de riesgos laborales en la actividad agropecuaria<\/em><\/p>\n<p><strong>\u201cInteligencia Artificial: la \u00e9tica en la prevenci\u00f3n de riesgos laborales\u201d<br \/><\/strong><span>Lic. Martin Mendez<\/span><\/p>\n<p>&nbsp;<\/p>\n<p>&nbsp;<\/p>\n<p>&nbsp;<\/p>\n<p>[\/et_pb_blurb][et_pb_button button_url=&#8221;https:\/\/uartprevenir.ar\/wp-content\/uploads\/2025\/06\/Prevenir-2025-175%C2%B0-Seminario.pdf&#8221; url_new_window=&#8221;on&#8221; button_text=&#8221;DESCARGAR MATERIAL&#8221; button_alignment=&#8221;center&#8221; _builder_version=&#8221;4.19.4&#8243; _module_preset=&#8221;default&#8221; custom_button=&#8221;on&#8221; button_text_size=&#8221;16px&#8221; button_text_color=&#8221;#FFFFFF&#8221; button_bg_color=&#8221;#00aeee&#8221; button_border_width=&#8221;-2px&#8221; button_letter_spacing=&#8221;-1px&#8221; button_icon=&#8221;&#x35;||divi||400&#8243; custom_margin=&#8221;||30px||false|false&#8221; custom_padding=&#8221;||||false|false&#8221; global_colors_info=&#8221;{}&#8221;][\/et_pb_button][\/et_pb_column][et_pb_column type=&#8221;1_5&#8243; _builder_version=&#8221;4.16&#8243; _module_preset=&#8221;default&#8221; background_color=&#8221;#FFFFFF&#8221; border_width_all=&#8221;1px&#8221; border_color_all=&#8221;#cccccc&#8221; global_colors_info=&#8221;{}&#8221;][et_pb_blurb _builder_version=&#8221;4.19.4&#8243; _module_preset=&#8221;default&#8221; custom_margin=&#8221;||16px|||&#8221; custom_padding=&#8221;29px|15px|30px|15px|false|true&#8221; global_colors_info=&#8221;{}&#8221;]<\/p>\n<h3 style=\"text-align: left;\"><span style=\"color: #00aeee;\"><strong>07 DE AGOSTO<\/strong><\/span><\/h3>\n<p><em>176\u00b0 Seminario sobre prevenci\u00f3n de riesgos laborales en la actividad agropecuaria.<\/em><\/p>\n<p><strong>\u201cErgonom\u00eda: un caso de \u00e9xito y resultados\u201d<\/strong><br \/>Lic. Silvina Hunt<\/p>\n<p>&nbsp;<\/p>\n<p>&nbsp;<\/p>\n<p>[\/et_pb_blurb][et_pb_button button_url=&#8221;https:\/\/uartprevenir.ar\/wp-content\/uploads\/2025\/08\/Prevenir-2025-176-Seminario.pdf&#8221; url_new_window=&#8221;on&#8221; button_text=&#8221;DESCARGAR MATERIAL&#8221; button_alignment=&#8221;center&#8221; _builder_version=&#8221;4.19.4&#8243; _module_preset=&#8221;default&#8221; custom_button=&#8221;on&#8221; button_text_size=&#8221;16px&#8221; button_text_color=&#8221;#FFFFFF&#8221; button_bg_color=&#8221;#00aeee&#8221; button_border_width=&#8221;-2px&#8221; button_letter_spacing=&#8221;-1px&#8221; button_icon=&#8221;&#x35;||divi||400&#8243; custom_margin=&#8221;||30px||false|false&#8221; custom_padding=&#8221;||||false|false&#8221; global_colors_info=&#8221;{}&#8221;][\/et_pb_button][\/et_pb_column][\/et_pb_row][et_pb_row column_structure=&#8221;1_5,1_5,1_5,1_5,1_5&#8243; use_custom_gutter=&#8221;on&#8221; gutter_width=&#8221;1&#8243; make_equal=&#8221;on&#8221; _builder_version=&#8221;4.19.4&#8243; _module_preset=&#8221;default&#8221; width=&#8221;95%&#8221; max_width=&#8221;95%&#8221; global_colors_info=&#8221;{}&#8221;][et_pb_column type=&#8221;1_5&#8243; _builder_version=&#8221;4.16&#8243; _module_preset=&#8221;default&#8221; background_color=&#8221;#FFFFFF&#8221; border_width_all=&#8221;1px&#8221; border_color_all=&#8221;#cccccc&#8221; global_colors_info=&#8221;{}&#8221;][et_pb_blurb _builder_version=&#8221;4.19.4&#8243; _module_preset=&#8221;default&#8221; custom_margin=&#8221;||16px|||&#8221; custom_padding=&#8221;28px|15px|60px|15px|false|true&#8221; global_colors_info=&#8221;{}&#8221;]<\/p>\n<h3 style=\"text-align: left;\"><span style=\"color: #00aeee;\"><strong>21 DE AGOSTO<\/strong><\/span><\/h3>\n<p><em>241\u00b0 Seminario sobre prevenci\u00f3n de riesgos laborales.<\/em><\/p>\n<p><strong>\u201cIluminaci\u00f3n: c\u00f3mo medir el espectro que afecta a la prevenci\u00f3n\u201d<\/strong><br \/>Lic. Pablo Fuentes<\/p>\n<p>&nbsp;<\/p>\n<p>[\/et_pb_blurb][et_pb_button url_new_window=&#8221;on&#8221; button_text=&#8221;DESCARGAR MATERIAL&#8221; button_alignment=&#8221;center&#8221; _builder_version=&#8221;4.19.4&#8243; _module_preset=&#8221;default&#8221; custom_button=&#8221;on&#8221; button_text_size=&#8221;16px&#8221; button_text_color=&#8221;#FFFFFF&#8221; button_bg_color=&#8221;#00aeee&#8221; button_border_width=&#8221;-2px&#8221; button_letter_spacing=&#8221;-1px&#8221; button_icon=&#8221;&#x35;||divi||400&#8243; custom_margin=&#8221;||30px||false|false&#8221; custom_padding=&#8221;||||false|false&#8221; global_colors_info=&#8221;{}&#8221;][\/et_pb_button][\/et_pb_column][et_pb_column type=&#8221;1_5&#8243; _builder_version=&#8221;4.16&#8243; _module_preset=&#8221;default&#8221; background_color=&#8221;#FFFFFF&#8221; border_width_all=&#8221;1px&#8221; border_color_all=&#8221;#cccccc&#8221; global_colors_info=&#8221;{}&#8221;][et_pb_blurb _builder_version=&#8221;4.19.4&#8243; _module_preset=&#8221;default&#8221; custom_margin=&#8221;||22px|||&#8221; custom_padding=&#8221;0px|15px|0px|15px|true|true&#8221; global_colors_info=&#8221;{}&#8221;]<\/p>\n<h3 style=\"text-align: left;\"><span style=\"color: #00aeee;\"><strong><\/strong><\/span><\/h3>\n<h3 style=\"text-align: left;\"><span style=\"color: #00aeee;\"><strong>04 DE SEPTIEMBRE<\/strong><\/span><\/h3>\n<p><em>177\u00b0 Seminario sobre prevenci\u00f3n de riesgos laborales en la actividad agropecuaria.<\/em><\/p>\n<p><strong>\u201cEPP: para el trabajo seguro en el agro\u201d<\/strong><br \/>Lic. Cesar Berbel<br \/>Lic. Gustavo Ponce<br \/>Lic. Evangelina Najar<\/p>\n<p>&nbsp;<\/p>\n<p>&nbsp;<\/p>\n<p>&nbsp;<\/p>\n<p>[\/et_pb_blurb][et_pb_button button_url=&#8221;https:\/\/uartprevenir.ar\/wp-content\/uploads\/2025\/09\/PREVENIR-2025-177-SEMINARIO.pdf&#8221; url_new_window=&#8221;on&#8221; button_text=&#8221;DESCARGAR MATERIAL&#8221; button_alignment=&#8221;center&#8221; _builder_version=&#8221;4.19.4&#8243; _module_preset=&#8221;default&#8221; custom_button=&#8221;on&#8221; button_text_size=&#8221;16px&#8221; button_text_color=&#8221;#FFFFFF&#8221; button_bg_color=&#8221;#00aeee&#8221; button_border_width=&#8221;-2px&#8221; button_letter_spacing=&#8221;-1px&#8221; button_icon=&#8221;&#x35;||divi||400&#8243; custom_margin=&#8221;||30px||false|false&#8221; custom_padding=&#8221;||||false|false&#8221; global_colors_info=&#8221;{}&#8221;][\/et_pb_button][\/et_pb_column][et_pb_column type=&#8221;1_5&#8243; _builder_version=&#8221;4.16&#8243; _module_preset=&#8221;default&#8221; background_color=&#8221;#FFFFFF&#8221; border_width_all=&#8221;1px&#8221; border_color_all=&#8221;#cccccc&#8221; global_colors_info=&#8221;{}&#8221;][et_pb_blurb use_icon=&#8221;on&#8221; _builder_version=&#8221;4.19.4&#8243; _module_preset=&#8221;default&#8221; custom_margin=&#8221;||16px|||&#8221; custom_padding=&#8221;24px|12px|0px|12px|false|true&#8221; global_colors_info=&#8221;{}&#8221;]<\/p>\n<h3 style=\"text-align: left;\"><span style=\"color: #00aeee;\"><strong>\u00a018 DE SEPTIEMBRE<\/strong><\/span><\/h3>\n<p><em>178\u00b0 Seminario sobre prevenci\u00f3n de<br \/><\/em><em>riesgos laborales en la actividad agropecuaria.<\/em><\/p>\n<p><strong>\u201cSeguridad y salud en la actividad vitivinicola\u201d<br \/><\/strong>Ing. Nadia Lingua<\/p>\n<p>&nbsp;<\/p>\n<p>&nbsp;<\/p>\n<p>&nbsp;<\/p>\n<p>[\/et_pb_blurb][et_pb_button button_url=&#8221;https:\/\/uartprevenir.ar\/wp-content\/uploads\/2025\/09\/PREVENIR-2025-PLANTILLA-SEMINARIO-18-09.pdf&#8221; url_new_window=&#8221;on&#8221; button_text=&#8221;DESCARGAR MATERIAL&#8221; button_alignment=&#8221;center&#8221; _builder_version=&#8221;4.19.4&#8243; _module_preset=&#8221;default&#8221; custom_button=&#8221;on&#8221; button_text_size=&#8221;16px&#8221; button_text_color=&#8221;#FFFFFF&#8221; button_bg_color=&#8221;#00aeee&#8221; button_border_width=&#8221;-2px&#8221; button_letter_spacing=&#8221;-1px&#8221; button_icon=&#8221;&#x35;||divi||400&#8243; custom_margin=&#8221;||30px||false|false&#8221; custom_padding=&#8221;||||false|false&#8221; global_colors_info=&#8221;{}&#8221;][\/et_pb_button][\/et_pb_column][et_pb_column type=&#8221;1_5&#8243; _builder_version=&#8221;4.16&#8243; _module_preset=&#8221;default&#8221; background_color=&#8221;#FFFFFF&#8221; border_width_all=&#8221;1px&#8221; border_color_all=&#8221;#cccccc&#8221; global_colors_info=&#8221;{}&#8221;][et_pb_blurb use_icon=&#8221;on&#8221; _builder_version=&#8221;4.19.4&#8243; _module_preset=&#8221;default&#8221; min_height=&#8221;132.2px&#8221; custom_margin=&#8221;||16px|||&#8221; custom_padding=&#8221;24px|15px|0px|15px|false|true&#8221; global_colors_info=&#8221;{}&#8221;]<\/p>\n<h3 style=\"text-align: left;\"><span style=\"color: #00aeee;\"><strong>09 DE OCTUBRE<\/strong><\/span><\/h3>\n<p><em>244\u00b0 Seminario sobre prevenci\u00f3n de riesgos laborales.<\/em><\/p>\n<p><span style=\"font-size: 14px;\"><strong>&#8220;Prevenci\u00f3n 4.0: la IA al servicio de la Higiene y Seguridad&#8221;<\/strong><br \/>Lic. Daniel Cecotti<br \/><\/span><span>Lic. Faustino Costa<\/span><br \/><span>Ing. Pablo Mondarto<\/span><\/p>\n<p><span><\/span><\/p>\n<p>&nbsp;<\/p>\n<p>&nbsp;<\/p>\n<p>[\/et_pb_blurb][et_pb_button button_url=&#8221;https:\/\/uartprevenir.ar\/wp-content\/uploads\/2025\/10\/Prevencion-4.0_-IA-y-Seguridad-Laboral.pdf&#8221; url_new_window=&#8221;on&#8221; button_text=&#8221;DESCARGAR MATERIAL&#8221; button_alignment=&#8221;center&#8221; _builder_version=&#8221;4.19.4&#8243; _module_preset=&#8221;default&#8221; custom_button=&#8221;on&#8221; button_text_size=&#8221;16px&#8221; button_text_color=&#8221;#FFFFFF&#8221; button_bg_color=&#8221;#00aeee&#8221; button_border_width=&#8221;-2px&#8221; button_letter_spacing=&#8221;-1px&#8221; button_icon=&#8221;&#x35;||divi||400&#8243; custom_margin=&#8221;||30px||false|false&#8221; custom_padding=&#8221;||||false|false&#8221; global_colors_info=&#8221;{}&#8221;][\/et_pb_button][\/et_pb_column][et_pb_column type=&#8221;1_5&#8243; _builder_version=&#8221;4.16&#8243; _module_preset=&#8221;default&#8221; background_color=&#8221;#FFFFFF&#8221; border_width_all=&#8221;1px&#8221; border_color_all=&#8221;#cccccc&#8221; global_colors_info=&#8221;{}&#8221;][et_pb_blurb _builder_version=&#8221;4.19.4&#8243; _module_preset=&#8221;default&#8221; custom_margin=&#8221;||16px|||&#8221; custom_padding=&#8221;29px|15px|30px|15px|false|true&#8221; global_colors_info=&#8221;{}&#8221;]<\/p>\n<h3 style=\"text-align: left;\"><span style=\"color: #00aeee;\"><strong>23 DE OCTUBRE<\/strong><\/span><\/h3>\n<p><em>245\u00b0 Seminario sobre prevenci\u00f3n de riesgos laborales.<\/em><\/p>\n<p><strong>\u201cCasos de \u00e9xitos en la innovaci\u00f3n en prevenci\u00f3n\u201d<\/strong><br \/>Lic. Andr\u00e9s Jarulakis<br \/>Lic. Mat\u00edas Kuchen<br \/>Ing. Pablo Re<\/p>\n<p>&nbsp;<\/p>\n<p>&nbsp;<\/p>\n<p>[\/et_pb_blurb][et_pb_button url_new_window=&#8221;on&#8221; button_text=&#8221;DESCARGAR MATERIAL&#8221; button_alignment=&#8221;center&#8221; _builder_version=&#8221;4.19.4&#8243; _module_preset=&#8221;default&#8221; custom_button=&#8221;on&#8221; button_text_size=&#8221;16px&#8221; button_text_color=&#8221;#FFFFFF&#8221; button_bg_color=&#8221;#00aeee&#8221; button_border_width=&#8221;-2px&#8221; button_letter_spacing=&#8221;-1px&#8221; button_icon=&#8221;&#x35;||divi||400&#8243; custom_margin=&#8221;||30px||false|false&#8221; custom_padding=&#8221;||||false|false&#8221; hover_enabled=&#8221;0&#8243; global_colors_info=&#8221;{}&#8221; button_url=&#8221;https:\/\/uartprevenir.ar\/wp-content\/uploads\/2025\/10\/Seminario-UART-23-10-Casos-de-innovacion-en-prevencion.pdf&#8221; sticky_enabled=&#8221;0&#8243;][\/et_pb_button][\/et_pb_column][\/et_pb_row][\/et_pb_section][et_pb_section fb_built=&#8221;1&#8243; _builder_version=&#8221;4.16&#8243; _module_preset=&#8221;default&#8221; background_color=&#8221;#215073&#8243; global_colors_info=&#8221;{}&#8221;][et_pb_row _builder_version=&#8221;4.16&#8243; _module_preset=&#8221;default&#8221; global_colors_info=&#8221;{}&#8221;][et_pb_column type=&#8221;4_4&#8243; _builder_version=&#8221;4.16&#8243; _module_preset=&#8221;default&#8221; global_colors_info=&#8221;{}&#8221;][et_pb_image src=&#8221;https:\/\/uartprevenir.ar\/wp-content\/uploads\/2021\/07\/PREVENIR_programa-1.png&#8221; title_text=&#8221;PREVENIR_programa 400&#215;500 (1)&#8221; src_tablet=&#8221;&#8221; src_phone=&#8221;https:\/\/uartprevenir.ar\/wp-content\/uploads\/2021\/07\/PREVENIR_programa-400&#215;500-1.png&#8221; src_last_edited=&#8221;on|phone&#8221; _builder_version=&#8221;4.16&#8243; _module_preset=&#8221;default&#8221; global_colors_info=&#8221;{}&#8221;][\/et_pb_image][\/et_pb_column][\/et_pb_row][\/et_pb_section]<\/p>\n","protected":false},"excerpt":{"rendered":"<p>15 DE MAYO 173\u00b0 Seminario sobre prevenci\u00f3n de riesgos laborales en la actividad agropecuaria. &#8220;Certificaciones BPA: la higiene y seguridad como pilar fundamental&#8221;Ing. P.A. Pablo Semberoiz29 DE MAYO 174\u00b0 Seminario sobre prevenci\u00f3n de riesgos laborales en la actividad agropecuaria. &#8220;Ganader\u00eda: c\u00f3mo mejorar la seguridad y salud en el trabajo agrario&#8221;\u00a0 Ing. P.A. Fernando Perez Eseiza12 [&hellip;]<\/p>\n","protected":false},"author":1,"featured_media":0,"parent":0,"menu_order":0,"comment_status":"closed","ping_status":"closed","template":"","meta":{"_et_pb_use_builder":"on","_et_pb_old_content":"","_et_gb_content_width":"","footnotes":""},"class_list":["post-118","page","type-page","status-publish","hentry"],"_links":{"self":[{"href":"https:\/\/uartprevenir.ar\/index.php?rest_route=\/wp\/v2\/pages\/118","targetHints":{"allow":["GET"]}}],"collection":[{"href":"https:\/\/uartprevenir.ar\/index.php?rest_route=\/wp\/v2\/pages"}],"about":[{"href":"https:\/\/uartprevenir.ar\/index.php?rest_route=\/wp\/v2\/types\/page"}],"author":[{"embeddable":true,"href":"https:\/\/uartprevenir.ar\/index.php?rest_route=\/wp\/v2\/users\/1"}],"replies":[{"embeddable":true,"href":"https:\/\/uartprevenir.ar\/index.php?rest_route=%2Fwp%2Fv2%2Fcomments&post=118"}],"version-history":[{"count":124,"href":"https:\/\/uartprevenir.ar\/index.php?rest_route=\/wp\/v2\/pages\/118\/revisions"}],"predecessor-version":[{"id":1171,"href":"https:\/\/uartprevenir.ar\/index.php?rest_route=\/wp\/v2\/pages\/118\/revisions\/1171"}],"wp:attachment":[{"href":"https:\/\/uartprevenir.ar\/index.php?rest_route=%2Fwp%2Fv2%2Fmedia&parent=118"}],"curies":[{"name":"wp","href":"https:\/\/api.w.org\/{rel}","templated":true}]}}